{"id":819,"date":"2020-08-07T21:32:56","date_gmt":"2020-08-07T21:32:56","guid":{"rendered":"https:\/\/res-miramar.be\/residence-miramar-de-haan-4-6-pers\/"},"modified":"2024-01-03T14:05:12","modified_gmt":"2024-01-03T14:05:12","slug":"residence-miramar-de-haan-4-6-pers","status":"publish","type":"page","link":"https:\/\/villa-georges-theunis.be\/fr\/","title":{"rendered":"Villa Georges Theunis &#8211; De Haan Le Coq  pour 4 personnes."},"content":{"rendered":"\t\t<div data-elementor-type=\"wp-post\" data-elementor-id=\"819\" class=\"elementor elementor-819 elementor-70\">\n\t\t\t\t\t\t\t\t\t<section class=\"elementor-section elementor-top-section elementor-element elementor-element-6107c949 elementor-section-full_width elementor-section-height-min-height elementor-section-height-default elementor-section-items-middle\" data-id=\"6107c949\" data-element_type=\"section\" data-settings=\"{&quot;background_background&quot;:&quot;classic&quot;}\">\n\t\t\t\t\t\t\t<div class=\"elementor-background-overlay\"><\/div>\n\t\t\t\t\t\t\t<div class=\"elementor-container elementor-column-gap-default\">\n\t\t\t\t\t<div class=\"elementor-column elementor-col-100 elementor-top-column elementor-element elementor-element-123fbc50\" data-id=\"123fbc50\" data-element_type=\"column\">\n\t\t\t<div class=\"elementor-widget-wrap elementor-element-populated\">\n\t\t\t\t\t\t\t\t<div class=\"elementor-element elementor-element-ba7d216 elementor-widget elementor-widget-spacer\" data-id=\"ba7d216\" data-element_type=\"widget\" data-widget_type=\"spacer.default\">\n\t\t\t\t<div class=\"elementor-widget-container\">\n\t\t\t\t\t<div class=\"elementor-spacer\">\n\t\t\t<div class=\"elementor-spacer-inner\"><\/div>\n\t\t<\/div>\n\t\t\t\t<\/div>\n\t\t\t\t<\/div>\n\t\t\t\t<div class=\"elementor-element elementor-element-3cc8666b elementor-view-default elementor-position-top elementor-invisible elementor-widget elementor-widget-themo-header\" data-id=\"3cc8666b\" data-element_type=\"widget\" data-settings=\"{&quot;_animation&quot;:&quot;fadeIn&quot;}\" data-widget_type=\"themo-header.default\">\n\t\t\t\t<div class=\"elementor-widget-container\">\n\t\t\t\t\t<div class=\"th-header-wrap\">\n        <div class=\"elementor-icon-box-wrapper \">\n                            <div class=\"elementor-icon-box-content\">\n                    <h2 class=\"elementor-icon-box-title\">\n                        Villa Georges Theunis - 4 personnes                    <\/h2>\n                                        <p class=\"elementor-icon-box-description\">Nouveaux appartements juste derri\u00e8re la plage. <\/p>\n\n                                            <div class=\"th-btn-wrap\">\n                                                            <a class=\"btn-1 btn th-btn btn-standard-light\" href=\"#rooms\">\n                                                                            Nos appartements                                                                    <\/a>\n                            \n                                                    <\/div>\n                                    <\/div>\n            <\/div>\n\n        <\/div>\n\n\t\t\t\t<\/div>\n\t\t\t\t<\/div>\n\t\t\t\t<div class=\"elementor-element elementor-element-50afa08 elementor-widget elementor-widget-spacer\" data-id=\"50afa08\" data-element_type=\"widget\" data-widget_type=\"spacer.default\">\n\t\t\t\t<div class=\"elementor-widget-container\">\n\t\t\t\t\t<div class=\"elementor-spacer\">\n\t\t\t<div class=\"elementor-spacer-inner\"><\/div>\n\t\t<\/div>\n\t\t\t\t<\/div>\n\t\t\t\t<\/div>\n\t\t\t\t\t<\/div>\n\t\t<\/div>\n\t\t\t\t\t\t\t<\/div>\n\t\t<\/section>\n\t\t\t\t<section class=\"elementor-section elementor-top-section elementor-element elementor-element-4e025a97 elementor-section-boxed elementor-section-height-default elementor-section-height-default\" data-id=\"4e025a97\" data-element_type=\"section\" data-settings=\"{&quot;background_background&quot;:&quot;classic&quot;}\">\n\t\t\t\t\t\t<div class=\"elementor-container elementor-column-gap-default\">\n\t\t\t\t\t<div class=\"elementor-column elementor-col-100 elementor-top-column elementor-element elementor-element-74560589\" data-id=\"74560589\" data-element_type=\"column\">\n\t\t\t<div class=\"elementor-widget-wrap elementor-element-populated\">\n\t\t\t\t\t\t\t\t<div class=\"elementor-element elementor-element-578d348d elementor-widget elementor-widget-spacer\" data-id=\"578d348d\" data-element_type=\"widget\" data-widget_type=\"spacer.default\">\n\t\t\t\t<div class=\"elementor-widget-container\">\n\t\t\t\t\t<div class=\"elementor-spacer\">\n\t\t\t<div class=\"elementor-spacer-inner\"><\/div>\n\t\t<\/div>\n\t\t\t\t<\/div>\n\t\t\t\t<\/div>\n\t\t\t\t<div class=\"elementor-element elementor-element-4221af7d elementor-view-default elementor-position-top elementor-widget elementor-widget-themo-header\" data-id=\"4221af7d\" data-element_type=\"widget\" data-widget_type=\"themo-header.default\">\n\t\t\t\t<div class=\"elementor-widget-container\">\n\t\t\t\t\t<div class=\"th-header-wrap\">\n        <div class=\"elementor-icon-box-wrapper \">\n                            <div class=\"elementor-icon-box-content\">\n                    <h2 class=\"elementor-icon-box-title\">\n                        NOS APPARTEMENTS                    <\/h2>\n                                            <span class=\"th-header-divider\"><\/span>\n                                        <p class=\"elementor-icon-box-description\">Nouveaux appartements tr\u00e8s luxueux situ\u00e9s juste derri\u00e8re la digue et la plage. <\/p>\n\n                                    <\/div>\n            <\/div>\n\n        <\/div>\n\n\t\t\t\t<\/div>\n\t\t\t\t<\/div>\n\t\t\t\t<div class=\"elementor-element elementor-element-442e16d elementor-widget elementor-widget-spacer\" data-id=\"442e16d\" data-element_type=\"widget\" data-widget_type=\"spacer.default\">\n\t\t\t\t<div class=\"elementor-widget-container\">\n\t\t\t\t\t<div class=\"elementor-spacer\">\n\t\t\t<div class=\"elementor-spacer-inner\"><\/div>\n\t\t<\/div>\n\t\t\t\t<\/div>\n\t\t\t\t<\/div>\n\t\t\t\t<div class=\"elementor-element elementor-element-3a3e263 elementor-widget elementor-widget-text-editor\" data-id=\"3a3e263\" data-element_type=\"widget\" data-widget_type=\"text-editor.default\">\n\t\t\t\t<div class=\"elementor-widget-container\">\n\t\t\t\t\t\t\t<p class=\"p3\">Appartements ensoleill\u00e9s juste derri\u00e8re la digue de De Haan &#8211; Le Coq.<\/p>\n<p class=\"p3\">Les appartements sont tr\u00e8s calmes, nouveaux, modernes et luxueusement meubl\u00e9s.\u00a0 Pr\u00e8s des commerces, boulangeries, restaurants et salons de th\u00e9.<\/p>\n<p class=\"p3\">Accessible aux fauteuils roulants.<\/p>\n\t\t\t\t\t\t<\/div>\n\t\t\t\t<\/div>\n\t\t\t\t<div class=\"elementor-element elementor-element-50d11446 elementor-widget elementor-widget-spacer\" data-id=\"50d11446\" data-element_type=\"widget\" data-widget_type=\"spacer.default\">\n\t\t\t\t<div class=\"elementor-widget-container\">\n\t\t\t\t\t<div class=\"elementor-spacer\">\n\t\t\t<div class=\"elementor-spacer-inner\"><\/div>\n\t\t<\/div>\n\t\t\t\t<\/div>\n\t\t\t\t<\/div>\n\t\t\t\t\t<\/div>\n\t\t<\/div>\n\t\t\t\t\t\t\t<\/div>\n\t\t<\/section>\n\t\t\t\t<section class=\"elementor-section elementor-top-section elementor-element elementor-element-602dcaaa elementor-section-full_width elementor-section-height-default elementor-section-height-default\" data-id=\"602dcaaa\" data-element_type=\"section\">\n\t\t\t\t\t\t<div class=\"elementor-container elementor-column-gap-no\">\n\t\t\t\t\t<div class=\"elementor-column elementor-col-100 elementor-top-column elementor-element elementor-element-6b9c9076\" data-id=\"6b9c9076\" data-element_type=\"column\">\n\t\t\t<div class=\"elementor-widget-wrap elementor-element-populated\">\n\t\t\t\t\t\t\t\t<div class=\"elementor-element elementor-element-61eb4d9 elementor-arrows-position-inside elementor-widget elementor-widget-image-carousel\" data-id=\"61eb4d9\" data-element_type=\"widget\" data-settings=\"{&quot;slides_to_show&quot;:&quot;4&quot;,&quot;navigation&quot;:&quot;arrows&quot;,&quot;autoplay&quot;:&quot;yes&quot;,&quot;pause_on_hover&quot;:&quot;yes&quot;,&quot;pause_on_interaction&quot;:&quot;yes&quot;,&quot;autoplay_speed&quot;:5000,&quot;infinite&quot;:&quot;yes&quot;,&quot;speed&quot;:500}\" data-widget_type=\"image-carousel.default\">\n\t\t\t\t<div class=\"elementor-widget-container\">\n\t\t\t\t\t<div class=\"elementor-image-carousel-wrapper swiper-container\" dir=\"ltr\">\n\t\t\t<div class=\"elementor-image-carousel swiper-wrapper swiper-image-stretch\" aria-live=\"off\">\n\t\t\t\t\t\t\t\t<div class=\"swiper-slide\" role=\"group\" aria-roledescription=\"slide\" aria-label=\"1 sur 8\"><a data-elementor-open-lightbox=\"yes\" data-elementor-lightbox-slideshow=\"61eb4d9\" data-elementor-lightbox-title=\"Strand De Haan\" data-e-action-hash=\"#elementor-action%3Aaction%3Dlightbox%26settings%3DeyJpZCI6MjA3NywidXJsIjoiaHR0cHM6XC9cL3ZpbGxhLWdlb3JnZXMtdGhldW5pcy5iZVwvd3AtY29udGVudFwvdXBsb2Fkc1wvMjAyMlwvMDFcL2x1Y2hmb3RvMi5qcGciLCJzbGlkZXNob3ciOiI2MWViNGQ5In0%3D\" href=\"https:\/\/villa-georges-theunis.be\/wp-content\/uploads\/2022\/01\/luchfoto2.jpg\"><figure class=\"swiper-slide-inner\"><img decoding=\"async\" class=\"swiper-slide-image\" src=\"https:\/\/villa-georges-theunis.be\/wp-content\/uploads\/2022\/01\/luchfoto2-605x465.jpg\" alt=\"Strand De Haan\" \/><\/figure><\/a><\/div><div class=\"swiper-slide\" role=\"group\" aria-roledescription=\"slide\" aria-label=\"2 sur 8\"><a data-elementor-open-lightbox=\"yes\" data-elementor-lightbox-slideshow=\"61eb4d9\" data-elementor-lightbox-title=\"IMG_1542\" data-e-action-hash=\"#elementor-action%3Aaction%3Dlightbox%26settings%3DeyJpZCI6MTQ1MCwidXJsIjoiaHR0cHM6XC9cL3ZpbGxhLWdlb3JnZXMtdGhldW5pcy5iZVwvd3AtY29udGVudFwvdXBsb2Fkc1wvMjAxOVwvMDNcL0lNR18xNTQyLmpwZyIsInNsaWRlc2hvdyI6IjYxZWI0ZDkifQ%3D%3D\" href=\"https:\/\/villa-georges-theunis.be\/wp-content\/uploads\/2019\/03\/IMG_1542.jpg\"><figure class=\"swiper-slide-inner\"><img decoding=\"async\" class=\"swiper-slide-image\" src=\"https:\/\/villa-georges-theunis.be\/wp-content\/uploads\/2019\/03\/IMG_1542-605x465.jpg\" alt=\"IMG_1542\" \/><\/figure><\/a><\/div><div class=\"swiper-slide\" role=\"group\" aria-roledescription=\"slide\" aria-label=\"3 sur 8\"><a data-elementor-open-lightbox=\"yes\" data-elementor-lightbox-slideshow=\"61eb4d9\" data-elementor-lightbox-title=\"Living\" data-e-action-hash=\"#elementor-action%3Aaction%3Dlightbox%26settings%3DeyJpZCI6MTYzNywidXJsIjoiaHR0cHM6XC9cL3ZpbGxhLWdlb3JnZXMtdGhldW5pcy5iZVwvd3AtY29udGVudFwvdXBsb2Fkc1wvMjAyMFwvMDhcL3dvb25rYW1lcjEuanBnIiwic2xpZGVzaG93IjoiNjFlYjRkOSJ9\" href=\"https:\/\/villa-georges-theunis.be\/wp-content\/uploads\/2020\/08\/woonkamer1.jpg\"><figure class=\"swiper-slide-inner\"><img decoding=\"async\" class=\"swiper-slide-image\" src=\"https:\/\/villa-georges-theunis.be\/wp-content\/uploads\/2020\/08\/woonkamer1-605x465.jpg\" alt=\"Living\" \/><\/figure><\/a><\/div><div class=\"swiper-slide\" role=\"group\" aria-roledescription=\"slide\" aria-label=\"4 sur 8\"><a data-elementor-open-lightbox=\"yes\" data-elementor-lightbox-slideshow=\"61eb4d9\" data-elementor-lightbox-title=\"Cuisine\" data-e-action-hash=\"#elementor-action%3Aaction%3Dlightbox%26settings%3DeyJpZCI6MTY0NSwidXJsIjoiaHR0cHM6XC9cL3ZpbGxhLWdlb3JnZXMtdGhldW5pcy5iZVwvd3AtY29udGVudFwvdXBsb2Fkc1wvMjAyMFwvMDhcL0lNR18wMTM4LXNjYWxlZC5qcGciLCJzbGlkZXNob3ciOiI2MWViNGQ5In0%3D\" href=\"https:\/\/villa-georges-theunis.be\/wp-content\/uploads\/2020\/08\/IMG_0138-scaled.jpg\"><figure class=\"swiper-slide-inner\"><img decoding=\"async\" class=\"swiper-slide-image\" src=\"https:\/\/villa-georges-theunis.be\/wp-content\/uploads\/2020\/08\/IMG_0138-605x465.jpg\" alt=\"Cuisine\" \/><\/figure><\/a><\/div><div class=\"swiper-slide\" role=\"group\" aria-roledescription=\"slide\" aria-label=\"5 sur 8\"><a data-elementor-open-lightbox=\"yes\" data-elementor-lightbox-slideshow=\"61eb4d9\" data-elementor-lightbox-title=\"Chambre 2\" data-e-action-hash=\"#elementor-action%3Aaction%3Dlightbox%26settings%3DeyJpZCI6MTYxNywidXJsIjoiaHR0cHM6XC9cL3ZpbGxhLWdlb3JnZXMtdGhldW5pcy5iZVwvd3AtY29udGVudFwvdXBsb2Fkc1wvMjAyMFwvMDhcL3NsYWFwa2FtZXIzLTEuanBnIiwic2xpZGVzaG93IjoiNjFlYjRkOSJ9\" href=\"https:\/\/villa-georges-theunis.be\/wp-content\/uploads\/2020\/08\/slaapkamer3-1.jpg\"><figure class=\"swiper-slide-inner\"><img decoding=\"async\" class=\"swiper-slide-image\" src=\"https:\/\/villa-georges-theunis.be\/wp-content\/uploads\/2020\/08\/slaapkamer3-1-605x465.jpg\" alt=\"Chambre 2\" \/><\/figure><\/a><\/div><div class=\"swiper-slide\" role=\"group\" aria-roledescription=\"slide\" aria-label=\"6 sur 8\"><a data-elementor-open-lightbox=\"yes\" data-elementor-lightbox-slideshow=\"61eb4d9\" data-elementor-lightbox-title=\"Terrasse au premier \u00e9tage\" data-e-action-hash=\"#elementor-action%3Aaction%3Dlightbox%26settings%3DeyJpZCI6MTYyNSwidXJsIjoiaHR0cHM6XC9cL3ZpbGxhLWdlb3JnZXMtdGhldW5pcy5iZVwvd3AtY29udGVudFwvdXBsb2Fkc1wvMjAyMFwvMDhcL3RlcnJhcy5qcGciLCJzbGlkZXNob3ciOiI2MWViNGQ5In0%3D\" href=\"https:\/\/villa-georges-theunis.be\/wp-content\/uploads\/2020\/08\/terras.jpg\"><figure class=\"swiper-slide-inner\"><img decoding=\"async\" class=\"swiper-slide-image\" src=\"https:\/\/villa-georges-theunis.be\/wp-content\/uploads\/2020\/08\/terras-605x465.jpg\" alt=\"Terrasse au premier \u00e9tage\" \/><\/figure><\/a><\/div><div class=\"swiper-slide\" role=\"group\" aria-roledescription=\"slide\" aria-label=\"7 sur 8\"><a data-elementor-open-lightbox=\"yes\" data-elementor-lightbox-slideshow=\"61eb4d9\" data-elementor-lightbox-title=\"Fa\u00e7ade de l&#039;appartement\" data-e-action-hash=\"#elementor-action%3Aaction%3Dlightbox%26settings%3DeyJpZCI6MTU4NSwidXJsIjoiaHR0cHM6XC9cL3ZpbGxhLWdlb3JnZXMtdGhldW5pcy5iZVwvd3AtY29udGVudFwvdXBsb2Fkc1wvMjAyMFwvMDhcL2FjaHRlcnppamRlLmpwZyIsInNsaWRlc2hvdyI6IjYxZWI0ZDkifQ%3D%3D\" href=\"https:\/\/villa-georges-theunis.be\/wp-content\/uploads\/2020\/08\/achterzijde.jpg\"><figure class=\"swiper-slide-inner\"><img decoding=\"async\" class=\"swiper-slide-image\" src=\"https:\/\/villa-georges-theunis.be\/wp-content\/uploads\/2020\/08\/achterzijde-605x465.jpg\" alt=\"Fa\u00e7ade de l&#039;appartement\" \/><\/figure><\/a><\/div><div class=\"swiper-slide\" role=\"group\" aria-roledescription=\"slide\" aria-label=\"8 sur 8\"><a data-elementor-open-lightbox=\"yes\" data-elementor-lightbox-slideshow=\"61eb4d9\" data-elementor-lightbox-title=\"Fa\u00e7ade de la villa\" data-e-action-hash=\"#elementor-action%3Aaction%3Dlightbox%26settings%3DeyJpZCI6MTYzMywidXJsIjoiaHR0cHM6XC9cL3ZpbGxhLWdlb3JnZXMtdGhldW5pcy5iZVwvd3AtY29udGVudFwvdXBsb2Fkc1wvMjAyMFwvMDhcL3Zvb3JrYW50LmpwZyIsInNsaWRlc2hvdyI6IjYxZWI0ZDkifQ%3D%3D\" href=\"https:\/\/villa-georges-theunis.be\/wp-content\/uploads\/2020\/08\/voorkant.jpg\"><figure class=\"swiper-slide-inner\"><img decoding=\"async\" class=\"swiper-slide-image\" src=\"https:\/\/villa-georges-theunis.be\/wp-content\/uploads\/2020\/08\/voorkant-605x465.jpg\" alt=\"Fa\u00e7ade de la villa\" \/><\/figure><\/a><\/div>\t\t\t<\/div>\n\t\t\t\t\t\t\t\t\t\t\t\t<div class=\"elementor-swiper-button elementor-swiper-button-prev\" role=\"button\" tabindex=\"0\">\n\t\t\t\t\t\t<i aria-hidden=\"true\" class=\"eicon-chevron-left\"><\/i>\t\t\t\t\t<\/div>\n\t\t\t\t\t<div class=\"elementor-swiper-button elementor-swiper-button-next\" role=\"button\" tabindex=\"0\">\n\t\t\t\t\t\t<i aria-hidden=\"true\" class=\"eicon-chevron-right\"><\/i>\t\t\t\t\t<\/div>\n\t\t\t\t\n\t\t\t\t\t\t\t\t\t<\/div>\n\t\t\t\t<\/div>\n\t\t\t\t<\/div>\n\t\t\t\t\t<\/div>\n\t\t<\/div>\n\t\t\t\t\t\t\t<\/div>\n\t\t<\/section>\n\t\t\t\t<section class=\"elementor-section elementor-top-section elementor-element elementor-element-c7131ce elementor-section-full_width elementor-section-height-default elementor-section-height-default\" data-id=\"c7131ce\" data-element_type=\"section\" data-settings=\"{&quot;background_background&quot;:&quot;classic&quot;}\">\n\t\t\t\t\t\t<div class=\"elementor-container elementor-column-gap-default\">\n\t\t\t\t\t<div class=\"elementor-column elementor-col-100 elementor-top-column elementor-element elementor-element-227c1c4\" data-id=\"227c1c4\" data-element_type=\"column\">\n\t\t\t<div class=\"elementor-widget-wrap\">\n\t\t\t\t\t\t\t\t\t<\/div>\n\t\t<\/div>\n\t\t\t\t\t\t\t<\/div>\n\t\t<\/section>\n\t\t\t\t<section class=\"elementor-section elementor-top-section elementor-element elementor-element-7ec01cd0 elementor-section-boxed elementor-section-height-default elementor-section-height-default\" data-id=\"7ec01cd0\" data-element_type=\"section\" data-settings=\"{&quot;background_background&quot;:&quot;classic&quot;}\">\n\t\t\t\t\t\t<div class=\"elementor-container elementor-column-gap-default\">\n\t\t\t\t\t<div class=\"elementor-column elementor-col-100 elementor-top-column elementor-element elementor-element-2436f29\" data-id=\"2436f29\" data-element_type=\"column\">\n\t\t\t<div class=\"elementor-widget-wrap elementor-element-populated\">\n\t\t\t\t\t\t\t\t<div class=\"elementor-element elementor-element-160ee281 elementor-widget elementor-widget-menu-anchor\" data-id=\"160ee281\" data-element_type=\"widget\" data-widget_type=\"menu-anchor.default\">\n\t\t\t\t<div class=\"elementor-widget-container\">\n\t\t\t\t\t<div id=\"rooms\" class=\"elementor-menu-anchor\"><\/div>\n\t\t\t\t<\/div>\n\t\t\t\t<\/div>\n\t\t\t\t<div class=\"elementor-element elementor-element-39e8f288 elementor-widget elementor-widget-spacer\" data-id=\"39e8f288\" data-element_type=\"widget\" data-widget_type=\"spacer.default\">\n\t\t\t\t<div class=\"elementor-widget-container\">\n\t\t\t\t\t<div class=\"elementor-spacer\">\n\t\t\t<div class=\"elementor-spacer-inner\"><\/div>\n\t\t<\/div>\n\t\t\t\t<\/div>\n\t\t\t\t<\/div>\n\t\t\t\t<div class=\"elementor-element elementor-element-49e2e5ce elementor-view-default elementor-position-top elementor-widget elementor-widget-themo-header\" data-id=\"49e2e5ce\" data-element_type=\"widget\" data-widget_type=\"themo-header.default\">\n\t\t\t\t<div class=\"elementor-widget-container\">\n\t\t\t\t\t<div class=\"th-header-wrap\">\n        <div class=\"elementor-icon-box-wrapper \">\n                            <div class=\"elementor-icon-box-content\">\n                    <h2 class=\"elementor-icon-box-title\">\n                        APPARTEMENTS                    <\/h2>\n                                            <span class=\"th-header-divider\"><\/span>\n                                        <p class=\"elementor-icon-box-description\"><\/p>\n\n                                    <\/div>\n            <\/div>\n\n        <\/div>\n\n\t\t\t\t<\/div>\n\t\t\t\t<\/div>\n\t\t\t\t<div class=\"elementor-element elementor-element-f754b2c elementor-widget elementor-widget-themo-accommodation-grid\" data-id=\"f754b2c\" data-element_type=\"widget\" data-widget_type=\"themo-accommodation-grid.default\">\n\t\t\t\t<div class=\"elementor-widget-container\">\n\t\t\t\n                <div id=\"th-portfolio-content-69f3944fe27c7\" class=\"th-portfolio\">\n\n            \n            <div id=\"th-portfolio-row\" class=\"th-portfolio-row row portfolio_content  three-columns th-port-gutter th-port-style-2 display-flex\">\n\n                                        <div id=\"post-847\" class=\"th-portfolio-item item col-md-4 col-sm-6 post-847 mphb_room_type type-mphb_room_type status-publish format-standard has-post-thumbnail hentry mphb-room-type-adults-1 mphb-room-type-children-0 \">\n\n                                                        <div class=\"th-port-card th-port-card-default\">\n                                <a href=\"https:\/\/villa-georges-theunis.be\/fr\/accommodation\/cezanne-4-pers\/\" class=\"th-port-card-link\" >                                <span class=\"th-port-card-img\">\n                                                            <img decoding=\"async\" loading=\"lazy\" width=\"605\" height=\"605\" src=\"https:\/\/villa-georges-theunis.be\/wp-content\/uploads\/2019\/03\/IMG_1542-605x605.jpg\" class=\"img-responsive th-port-img wp-post-image\" alt=\"\" \/>                                                                    <div class=\"th-port-card-caption th-pricing-cost\"><p>A partir de 425 \u20ac par semaine<\/p><\/div>                                    <\/span>\n                                    <span class=\"th-port-card-body\">\n                                      <h3 class=\"th-port-title\">CEZANNE  4 personnes.<\/h3>\n                                      <p class=\"th-port-sub th-else\">4 personnes, 2 chambres \u00e0 coucher, 2 salles de bain et 2 toilettes<\/p>                                    <\/span>\n                                    <\/a>\n                                <\/div>\n\n                                                        <\/div>\n                                                <div id=\"post-858\" class=\"th-portfolio-item item col-md-4 col-sm-6 post-858 mphb_room_type type-mphb_room_type status-publish format-standard has-post-thumbnail hentry mphb-room-type-adults-1 mphb-room-type-children-0 \">\n\n                                                        <div class=\"th-port-card th-port-card-default\">\n                                <a href=\"https:\/\/villa-georges-theunis.be\/fr\/accommodation\/gauguin-4-pers\/\" class=\"th-port-card-link\" >                                <span class=\"th-port-card-img\">\n                                                            <img decoding=\"async\" loading=\"lazy\" width=\"605\" height=\"605\" src=\"https:\/\/villa-georges-theunis.be\/wp-content\/uploads\/2020\/08\/woonkamer1-605x605.jpg\" class=\"img-responsive th-port-img wp-post-image\" alt=\"\" \/>                                                                    <div class=\"th-port-card-caption th-pricing-cost\"><p>A partir de 450 \u20ac par semaine<\/p><\/div>                                    <\/span>\n                                    <span class=\"th-port-card-body\">\n                                      <h3 class=\"th-port-title\">GAUGUIN   4 personnes<\/h3>\n                                      <p class=\"th-port-sub th-else\">Appartement, 4 personnes, 2 chbs \u00e0 coucher, salle de bain et 2 toilettes; ascenseur<\/p>                                    <\/span>\n                                    <\/a>\n                                <\/div>\n\n                                                        <\/div>\n                                                <div id=\"post-873\" class=\"th-portfolio-item item col-md-4 col-sm-6 post-873 mphb_room_type type-mphb_room_type status-publish format-standard has-post-thumbnail hentry mphb-room-type-adults-1 mphb-room-type-children-0 \">\n\n                                                        <div class=\"th-port-card th-port-card-default\">\n                                <a href=\"https:\/\/villa-georges-theunis.be\/fr\/accommodation\/renoir-4-pers\/\" class=\"th-port-card-link\" >                                <span class=\"th-port-card-img\">\n                                                            <img decoding=\"async\" loading=\"lazy\" width=\"605\" height=\"605\" src=\"https:\/\/villa-georges-theunis.be\/wp-content\/uploads\/2024\/01\/main-605x605.jpg\" class=\"img-responsive th-port-img wp-post-image\" alt=\"\" \/>                                                                    <div class=\"th-port-card-caption th-pricing-cost\"><p>A partir de 525 \u20ac par semaine<\/p><\/div>                                    <\/span>\n                                    <span class=\"th-port-card-body\">\n                                      <h3 class=\"th-port-title\">MATISSE 4 personnes,<\/h3>\n                                      <p class=\"th-port-sub th-else\">4 personnes, 2 chambres \u00e0 coucher,  2 douches, 2 toilettes. <\/p>                                    <\/span>\n                                    <\/a>\n                                <\/div>\n\n                                                        <\/div>\n                        \n            <\/div>\n\n        <\/div>\n\n        \t\t<\/div>\n\t\t\t\t<\/div>\n\t\t\t\t<div class=\"elementor-element elementor-element-672c2e46 elementor-widget elementor-widget-spacer\" data-id=\"672c2e46\" data-element_type=\"widget\" data-widget_type=\"spacer.default\">\n\t\t\t\t<div class=\"elementor-widget-container\">\n\t\t\t\t\t<div class=\"elementor-spacer\">\n\t\t\t<div class=\"elementor-spacer-inner\"><\/div>\n\t\t<\/div>\n\t\t\t\t<\/div>\n\t\t\t\t<\/div>\n\t\t\t\t\t<\/div>\n\t\t<\/div>\n\t\t\t\t\t\t\t<\/div>\n\t\t<\/section>\n\t\t\t\t<section class=\"elementor-section elementor-top-section elementor-element elementor-element-0df8535 elementor-section-boxed elementor-section-height-default elementor-section-height-default\" data-id=\"0df8535\" data-element_type=\"section\" data-settings=\"{&quot;background_background&quot;:&quot;classic&quot;}\">\n\t\t\t\t\t\t<div class=\"elementor-container elementor-column-gap-default\">\n\t\t\t\t\t<div class=\"elementor-column elementor-col-100 elementor-top-column elementor-element elementor-element-8cb1ed2\" data-id=\"8cb1ed2\" data-element_type=\"column\">\n\t\t\t<div class=\"elementor-widget-wrap elementor-element-populated\">\n\t\t\t\t\t\t\t\t<section class=\"elementor-section elementor-inner-section elementor-element elementor-element-60d98c6 elementor-section-boxed elementor-section-height-default elementor-section-height-default\" data-id=\"60d98c6\" data-element_type=\"section\">\n\t\t\t\t\t\t<div class=\"elementor-container elementor-column-gap-wider\">\n\t\t\t\t\t<div class=\"elementor-column elementor-col-50 elementor-inner-column elementor-element elementor-element-a78ad76\" data-id=\"a78ad76\" data-element_type=\"column\">\n\t\t\t<div class=\"elementor-widget-wrap elementor-element-populated\">\n\t\t\t\t\t\t\t\t<div class=\"elementor-element elementor-element-1834adbb elementor-position-left elementor-view-default elementor-widget elementor-widget-themo-header\" data-id=\"1834adbb\" data-element_type=\"widget\" data-widget_type=\"themo-header.default\">\n\t\t\t\t<div class=\"elementor-widget-container\">\n\t\t\t\t\t<div class=\"th-header-wrap\">\n        <div class=\"elementor-icon-box-wrapper \">\n                            <div class=\"elementor-icon-box-content\">\n                    <h3 class=\"elementor-icon-box-title\">\n                        Bienvenue \u00e0 De Haan                    <\/h3>\n                                        <p class=\"elementor-icon-box-description\">De Haan est une agr\u00e9able station baln\u00e9aire familiale o\u00f9 vous pouvez vous d\u00e9tendre.\r\nAvec ses 10 km, la plage est la plus longue de la c\u00f4te belge.\r\nOutre la plage, le soleil et les sports, vous pouvez \u00e9galement profiter des \u00e9v\u00e9nements culturels, du folklore, des itin\u00e9raires p\u00e9destres et cyclistes, des r\u00e9serves naturelles, des restaurants \u00e9toil\u00e9s et bien plus encore!<\/p>\n\n                                            <div class=\"th-btn-wrap\">\n                                                            <a class=\"btn-1 btn th-btn btn-standard-dark\" href=\"\/en\/de-haan\">\n                                                                            D\u00e9couvrez De Haan                                                                    <\/a>\n                            \n                                                    <\/div>\n                                    <\/div>\n            <\/div>\n\n        <\/div>\n\n\t\t\t\t<\/div>\n\t\t\t\t<\/div>\n\t\t\t\t\t<\/div>\n\t\t<\/div>\n\t\t\t\t<div class=\"elementor-column elementor-col-50 elementor-inner-column elementor-element elementor-element-2f5ae81\" data-id=\"2f5ae81\" data-element_type=\"column\">\n\t\t\t<div class=\"elementor-widget-wrap elementor-element-populated\">\n\t\t\t\t\t\t\t\t<div class=\"elementor-element elementor-element-2c185a0 elementor-widget elementor-widget-image\" data-id=\"2c185a0\" data-element_type=\"widget\" data-widget_type=\"image.default\">\n\t\t\t\t<div class=\"elementor-widget-container\">\n\t\t\t\t\t\t\t\t\t\t\t\t\t\t\t<img decoding=\"async\" loading=\"lazy\" width=\"1000\" height=\"706\" src=\"https:\/\/villa-georges-theunis.be\/wp-content\/uploads\/2020\/12\/luchfoto.jpg\" class=\"attachment-large size-large wp-image-1665\" alt=\"\" srcset=\"https:\/\/villa-georges-theunis.be\/wp-content\/uploads\/2020\/12\/luchfoto.jpg 1000w, https:\/\/villa-georges-theunis.be\/wp-content\/uploads\/2020\/12\/luchfoto-300x212.jpg 300w, https:\/\/villa-georges-theunis.be\/wp-content\/uploads\/2020\/12\/luchfoto-768x542.jpg 768w, https:\/\/villa-georges-theunis.be\/wp-content\/uploads\/2020\/12\/luchfoto-57x40.jpg 57w, https:\/\/villa-georges-theunis.be\/wp-content\/uploads\/2020\/12\/luchfoto-113x80.jpg 113w, https:\/\/villa-georges-theunis.be\/wp-content\/uploads\/2020\/12\/luchfoto-394x278.jpg 394w, https:\/\/villa-georges-theunis.be\/wp-content\/uploads\/2020\/12\/luchfoto-915x646.jpg 915w\" sizes=\"(max-width: 1000px) 100vw, 1000px\" \/>\t\t\t\t\t\t\t\t\t\t\t\t\t\t\t<\/div>\n\t\t\t\t<\/div>\n\t\t\t\t\t<\/div>\n\t\t<\/div>\n\t\t\t\t\t\t\t<\/div>\n\t\t<\/section>\n\t\t\t\t\t<\/div>\n\t\t<\/div>\n\t\t\t\t\t\t\t<\/div>\n\t\t<\/section>\n\t\t\t\t<section class=\"elementor-section elementor-top-section elementor-element elementor-element-6be695e2 elementor-section-boxed elementor-section-height-default elementor-section-height-default\" data-id=\"6be695e2\" data-element_type=\"section\" data-settings=\"{&quot;background_background&quot;:&quot;classic&quot;}\">\n\t\t\t\t\t\t<div class=\"elementor-container elementor-column-gap-default\">\n\t\t\t\t\t<div class=\"elementor-column elementor-col-100 elementor-top-column elementor-element elementor-element-70c2e358\" data-id=\"70c2e358\" data-element_type=\"column\">\n\t\t\t<div class=\"elementor-widget-wrap elementor-element-populated\">\n\t\t\t\t\t\t\t\t<div class=\"elementor-element elementor-element-0473a6d elementor-widget elementor-widget-spacer\" data-id=\"0473a6d\" data-element_type=\"widget\" data-widget_type=\"spacer.default\">\n\t\t\t\t<div class=\"elementor-widget-container\">\n\t\t\t\t\t<div class=\"elementor-spacer\">\n\t\t\t<div class=\"elementor-spacer-inner\"><\/div>\n\t\t<\/div>\n\t\t\t\t<\/div>\n\t\t\t\t<\/div>\n\t\t\t\t<div class=\"elementor-element elementor-element-1bed05d4 elementor-widget elementor-widget-themo-testimonial\" data-id=\"1bed05d4\" data-element_type=\"widget\" data-widget_type=\"themo-testimonial.default\">\n\t\t\t\t<div class=\"elementor-widget-container\">\n\t\t\t        \n\t\t<div class=\"elementor-testimonial-wrapper th-testimonial-w th-txt-lg elementor-testimonial-text-align-center\">\n\n            <div class=\"th-star-rating th-star-50 th-star-rating-top\">\n<span class=\"th-star-1 fa\"><\/span>\n<span class=\"th-star-2 fa\"><\/span>\n<span class=\"th-star-3 fa\"><\/span>\n<span class=\"th-star-4 fa\"><\/span>\n<span class=\"th-star-5 fa\"><\/span>\n<\/div>\n\t\t\t\t\t\t\t<div class=\"elementor-testimonial-content\">\"Location sublime.\"\r\n\"Vaut plus que son argent.\"\r\n\"Tr\u00e8s agr\u00e9able\".<\/div>\n\t\t\t\n            \n\t\t\t\n                    <div class=\"elementor-testimonial-meta\">\n\n\t\t\t\t<div class=\"elementor-testimonial-meta-inner\">\n                    \n\t\t\t\t\t\t\t\t\t\t<div class=\"elementor-testimonial-details\">\n\t\t\t\t\t\t\t\t\t\t\t\t\t<div class=\"elementor-testimonial-name\">Plusieurs clients<\/div>\n\t\t\t\t\t\t\n\t\t\t\t\t\t\t\t\t\t\t<\/div>\n\t\t\t\t\t\t\t\t\t<\/div>\n\t\t\t<\/div>\n\t\t\t\t\t<\/div>\n\t\t\t<\/div>\n\t\t\t\t<\/div>\n\t\t\t\t<div class=\"elementor-element elementor-element-5b3c0eb elementor-widget elementor-widget-spacer\" data-id=\"5b3c0eb\" data-element_type=\"widget\" data-widget_type=\"spacer.default\">\n\t\t\t\t<div class=\"elementor-widget-container\">\n\t\t\t\t\t<div class=\"elementor-spacer\">\n\t\t\t<div class=\"elementor-spacer-inner\"><\/div>\n\t\t<\/div>\n\t\t\t\t<\/div>\n\t\t\t\t<\/div>\n\t\t\t\t\t<\/div>\n\t\t<\/div>\n\t\t\t\t\t\t\t<\/div>\n\t\t<\/section>\n\t\t\t\t\t\t\t<\/div>\n\t\t","protected":false},"excerpt":{"rendered":"<p>Villa Georges Theunis\u2026<\/p>\n","protected":false},"author":1,"featured_media":366,"parent":0,"menu_order":3,"comment_status":"closed","ping_status":"closed","template":"","meta":{"footnotes":""},"_links":{"self":[{"href":"https:\/\/villa-georges-theunis.be\/fr\/wp-json\/wp\/v2\/pages\/819"}],"collection":[{"href":"https:\/\/villa-georges-theunis.be\/fr\/wp-json\/wp\/v2\/pages"}],"about":[{"href":"https:\/\/villa-georges-theunis.be\/fr\/wp-json\/wp\/v2\/types\/page"}],"author":[{"embeddable":true,"href":"https:\/\/villa-georges-theunis.be\/fr\/wp-json\/wp\/v2\/users\/1"}],"replies":[{"embeddable":true,"href":"https:\/\/villa-georges-theunis.be\/fr\/wp-json\/wp\/v2\/comments?post=819"}],"version-history":[{"count":19,"href":"https:\/\/villa-georges-theunis.be\/fr\/wp-json\/wp\/v2\/pages\/819\/revisions"}],"predecessor-version":[{"id":2669,"href":"https:\/\/villa-georges-theunis.be\/fr\/wp-json\/wp\/v2\/pages\/819\/revisions\/2669"}],"wp:featuredmedia":[{"embeddable":true,"href":"https:\/\/villa-georges-theunis.be\/fr\/wp-json\/wp\/v2\/media\/366"}],"wp:attachment":[{"href":"https:\/\/villa-georges-theunis.be\/fr\/wp-json\/wp\/v2\/media?parent=819"}],"curies":[{"name":"wp","href":"https:\/\/api.w.org\/{rel}","templated":true}]}}